{"id":7,"date":"2021-05-19T10:58:51","date_gmt":"2021-05-19T14:58:51","guid":{"rendered":"http:\/\/axelliteleadership.local\/?page_id=7"},"modified":"2023-06-07T11:13:16","modified_gmt":"2023-06-07T15:13:16","slug":"a-propos","status":"publish","type":"page","link":"https:\/\/axelliteleadership.com\/fr\/a-propos\/","title":{"rendered":"\u00c0 Propos"},"content":{"rendered":"\n<div class=\"block block--hero\" id=\"\">\n  <div class=\"container\">\n\n    <div class=\"content\">\n      <h1>\n        \u00c0 PROPOS<br \/>DE <em>NOUS<\/em>      <\/h1>\n      <p>Nous aidons les organisations \u00e0 d\u00e9velopper des leaders r\u00e9silients et cultiver une culture de bienveillance, collaboration, et confiance.<\/p>\n    <\/div>\n\n    <div class=\"decoration\">\n      <div class=\"picture\">\n        <img loading=\"lazy\" decoding=\"async\" width=\"860\" height=\"525\" src=\"https:\/\/axelliteleadership.com\/fr\/wp-content\/uploads\/sites\/4\/2021\/06\/about-860x525.jpg\" class=\"attachment-hero size-hero wp-post-image\" alt=\"\" srcset=\"https:\/\/axelliteleadership.com\/fr\/wp-content\/uploads\/sites\/4\/2021\/06\/about-860x525.jpg 860w, https:\/\/axelliteleadership.com\/fr\/wp-content\/uploads\/sites\/4\/2021\/06\/about-300x183.jpg 300w, https:\/\/axelliteleadership.com\/fr\/wp-content\/uploads\/sites\/4\/2021\/06\/about-1024x626.jpg 1024w, https:\/\/axelliteleadership.com\/fr\/wp-content\/uploads\/sites\/4\/2021\/06\/about-768x469.jpg 768w, https:\/\/axelliteleadership.com\/fr\/wp-content\/uploads\/sites\/4\/2021\/06\/about-1536x939.jpg 1536w, https:\/\/axelliteleadership.com\/fr\/wp-content\/uploads\/sites\/4\/2021\/06\/about-100x61.jpg 100w, https:\/\/axelliteleadership.com\/fr\/wp-content\/uploads\/sites\/4\/2021\/06\/about-164x100.jpg 164w, https:\/\/axelliteleadership.com\/fr\/wp-content\/uploads\/sites\/4\/2021\/06\/about-600x367.jpg 600w, https:\/\/axelliteleadership.com\/fr\/wp-content\/uploads\/sites\/4\/2021\/06\/about-175x107.jpg 175w, https:\/\/axelliteleadership.com\/fr\/wp-content\/uploads\/sites\/4\/2021\/06\/about-512x313.jpg 512w, https:\/\/axelliteleadership.com\/fr\/wp-content\/uploads\/sites\/4\/2021\/06\/about.jpg 1718w\" sizes=\"auto, (max-width: 860px) 100vw, 860px\" \/>      <\/div>\n      <div class=\"catchphrase\">\n  \u00c9valuations 360\u00b0 <span>\u2022<\/span> Facilitation <span>\u2022<\/span> Coaching<\/div>\n    <\/div>\n\n  <\/div>\n<\/div>\n\n\n\n<p>Nous aidons les dirigeants et les professionnels occup\u00e9s \u00e0 r\u00e9aliser une transformation personnelle de l&rsquo;int\u00e9rieur afin qu&rsquo;ils puissent s&rsquo;\u00e9panouir dans la complexit\u00e9, diriger des \u00e9quipes agiles et se r\u00e9aliser dans leur vie et leur carri\u00e8re. Nous donnons aux leaders les outils n\u00e9cessaires pour \u00eatre les meilleures versions d&rsquo;eux-m\u00eames.<\/p>\n\n\n\n<h2 class=\"wp-block-heading has-text-align-center extra-margin\"><strong>Nous outillons les leaders \u00e0 \u00eatre \u00e0 leur meilleur.<\/strong><\/h2>\n\n\n\n<p class=\"has-text-align-left\">En renfor\u00e7ant la connaissance de soi et la capacit\u00e9 d\u2019autogestion des leaders, nous les aidons \u00e0 gagner la confiance n\u00e9cessaire pour relever de nouveaux d\u00e9fis, acqu\u00e9rir de nouvelles comp\u00e9tences et poursuivre un cheminement de croissance personnelle qui profite aux leaders, mais aussi \u00e0 leurs \u00e9quipes et leur organisation dans l\u2019ensemble.<\/p>\n\n\n\n<h2 class=\"wp-block-heading has-text-align-center extra-margin plus\"><strong>Nous aidons les leaders \u00e0 optimiser leur propre rendement.<\/strong><\/h2>\n\n\n\n<p class=\"has-text-align-left\">La partie la plus difficile du leadership est de se dirigier soi-m\u00eame. Nous leur enseignons la conscience de soi et les habitudes requises pour que les leaders g\u00e8re leur propre rendement de fa\u00e7on efficace. Pour ainsi, faire le suivi des fluctuations de leur \u00e9tat psychologique et \u00e9motionnel afin d&rsquo;incarner la meilleure version d&rsquo;eux-m\u00eames plus souvent. <\/p>\n\n\n\n<h2 class=\"wp-block-heading has-text-align-center extra-margin plus\"><strong>Notre programme n\u2019est pas th\u00e9orique&nbsp;: il est exp\u00e9rientiel.<\/strong><\/h2>\n\n\n\n<p class=\"has-text-align-left\">Nos ateliers anim\u00e9s par des experts assurent des le\u00e7ons durables gr\u00e2ce \u00e0 la cr\u00e9ation d\u2019un lieu s\u00e9curitaire o\u00f9 \u00e9changer, mettre \u00e0 l\u2019essai des concepts et apprendre par l\u2019exp\u00e9rience pratique.<\/p>\n\n\n\n<h2 class=\"wp-block-heading has-text-align-center extra-margin plus\"><strong>Notre approche est globale.<\/strong><\/h2>\n\n\n\n<p class=\"has-text-align-left\">La m\u00e9thode Axellite Leadership utilise une approche globale du leader pour am\u00e9liorer les performances de toute organisation, rendant les dirigeants, les \u00e9quipes et les entreprises plus agiles, cr\u00e9atifs et productifs. Notre approche unique donne aux dirigeants une base de force int\u00e9rieure et de r\u00e9silience afin qu&rsquo;ils puissent apporter plus d&rsquo;\u00e9nergie de qualit\u00e9 \u00e0 leur travail.<\/p>\n\n\n\n<h2 class=\"wp-block-heading has-text-align-center extra-margin plus\"><strong>Nous mettons la th\u00e9orie en pratique.<\/strong><\/h2>\n\n\n\n<p class=\"has-text-align-left\">Comme tous les membres de l\u2019\u00e9quipe Axellite Leadership adoptent eux-m\u00eames les pratiques enseign\u00e9es, ils servent non seulement de guides, mais d\u2019exemples \u00e0 suivre.<\/p>\n\n\n\n  <div class=\"block block--tiles link-blocks\" id=\"\">\n    <div class=\"container\">\n\n      <ul>\n\n                  \n          <li>\n            <a href=\"https:\/\/axelliteleadership.com\/fr\/workshop\/\" class=\"tile\">\n              <div class=\"thumbnail\">\n                <img loading=\"lazy\" decoding=\"async\" width=\"450\" height=\"425\" src=\"https:\/\/axelliteleadership.com\/fr\/wp-content\/uploads\/sites\/4\/2021\/07\/tile-lead-yourself-up-450x425.jpg\" class=\"attachment-tile size-tile\" alt=\"\" srcset=\"https:\/\/axelliteleadership.com\/fr\/wp-content\/uploads\/sites\/4\/2021\/07\/tile-lead-yourself-up.jpg 450w, https:\/\/axelliteleadership.com\/fr\/wp-content\/uploads\/sites\/4\/2021\/07\/tile-lead-yourself-up-300x283.jpg 300w, https:\/\/axelliteleadership.com\/fr\/wp-content\/uploads\/sites\/4\/2021\/07\/tile-lead-yourself-up-100x94.jpg 100w, https:\/\/axelliteleadership.com\/fr\/wp-content\/uploads\/sites\/4\/2021\/07\/tile-lead-yourself-up-106x100.jpg 106w, https:\/\/axelliteleadership.com\/fr\/wp-content\/uploads\/sites\/4\/2021\/07\/tile-lead-yourself-up-175x165.jpg 175w\" sizes=\"auto, (max-width: 450px) 100vw, 450px\" \/>              <\/div>\n              <div class=\"content\">\n                <h2 class=\"title\">\n                  PROGRAMME PROPULSE TON LEADERSHIP                <\/h2>\n                <div class=\"excerpt\">\n                  NOTRE PROGRAMME APPREND AUX LEADERS \u00c0 \u00caTRE LA MEILLEURE VERSION D&rsquo;EUX-M\u00caME, PLUS SOUVENT                <\/div>\n                <div class=\"cta\">\n                  <span class=\"btn btn--ghost\">En savoir plus<\/span>\n                <\/div>\n              <\/div>\n            <\/a>\n          <\/li>\n                  \n          <li>\n            <a href=\"https:\/\/axelliteleadership.com\/fr\/services\/#evaluations-360\" class=\"tile\">\n              <div class=\"thumbnail\">\n                <img loading=\"lazy\" decoding=\"async\" width=\"450\" height=\"425\" src=\"https:\/\/axelliteleadership.com\/fr\/wp-content\/uploads\/sites\/4\/2021\/07\/tile-360-assessments-450x425.jpg\" class=\"attachment-tile size-tile\" alt=\"\" srcset=\"https:\/\/axelliteleadership.com\/fr\/wp-content\/uploads\/sites\/4\/2021\/07\/tile-360-assessments-450x425.jpg 450w, https:\/\/axelliteleadership.com\/fr\/wp-content\/uploads\/sites\/4\/2021\/07\/tile-360-assessments-300x283.jpg 300w, https:\/\/axelliteleadership.com\/fr\/wp-content\/uploads\/sites\/4\/2021\/07\/tile-360-assessments-768x725.jpg 768w, https:\/\/axelliteleadership.com\/fr\/wp-content\/uploads\/sites\/4\/2021\/07\/tile-360-assessments-100x94.jpg 100w, https:\/\/axelliteleadership.com\/fr\/wp-content\/uploads\/sites\/4\/2021\/07\/tile-360-assessments-106x100.jpg 106w, https:\/\/axelliteleadership.com\/fr\/wp-content\/uploads\/sites\/4\/2021\/07\/tile-360-assessments-600x567.jpg 600w, https:\/\/axelliteleadership.com\/fr\/wp-content\/uploads\/sites\/4\/2021\/07\/tile-360-assessments-175x165.jpg 175w, https:\/\/axelliteleadership.com\/fr\/wp-content\/uploads\/sites\/4\/2021\/07\/tile-360-assessments-512x484.jpg 512w, https:\/\/axelliteleadership.com\/fr\/wp-content\/uploads\/sites\/4\/2021\/07\/tile-360-assessments.jpg 900w\" sizes=\"auto, (max-width: 450px) 100vw, 450px\" \/>              <\/div>\n              <div class=\"content\">\n                <h2 class=\"title\">\n                  \u00c9VALUATIONS 360\u00ba                <\/h2>\n                <div class=\"excerpt\">\n                  PROCESSUS QUI PERMET AUX LEADERS D&rsquo;IDENTIFIER LEURS FORCES ET ANGLES MORTS AFIN DE MAXIMISER LEUR EFFICACIT\u00c9                <\/div>\n                <div class=\"cta\">\n                  <span class=\"btn btn--ghost\">En savoir plus<\/span>\n                <\/div>\n              <\/div>\n            <\/a>\n          <\/li>\n                  \n          <li>\n            <a href=\"https:\/\/axelliteleadership.com\/fr\/services\/#coaching-haut-niveau\" class=\"tile\">\n              <div class=\"thumbnail\">\n                <img loading=\"lazy\" decoding=\"async\" width=\"450\" height=\"425\" src=\"https:\/\/axelliteleadership.com\/fr\/wp-content\/uploads\/sites\/4\/2021\/07\/tile-executive-coaching-450x425.jpg\" class=\"attachment-tile size-tile\" alt=\"\" srcset=\"https:\/\/axelliteleadership.com\/fr\/wp-content\/uploads\/sites\/4\/2021\/07\/tile-executive-coaching-450x425.jpg 450w, https:\/\/axelliteleadership.com\/fr\/wp-content\/uploads\/sites\/4\/2021\/07\/tile-executive-coaching-300x283.jpg 300w, https:\/\/axelliteleadership.com\/fr\/wp-content\/uploads\/sites\/4\/2021\/07\/tile-executive-coaching-768x725.jpg 768w, https:\/\/axelliteleadership.com\/fr\/wp-content\/uploads\/sites\/4\/2021\/07\/tile-executive-coaching-100x94.jpg 100w, https:\/\/axelliteleadership.com\/fr\/wp-content\/uploads\/sites\/4\/2021\/07\/tile-executive-coaching-106x100.jpg 106w, https:\/\/axelliteleadership.com\/fr\/wp-content\/uploads\/sites\/4\/2021\/07\/tile-executive-coaching-600x567.jpg 600w, https:\/\/axelliteleadership.com\/fr\/wp-content\/uploads\/sites\/4\/2021\/07\/tile-executive-coaching-175x165.jpg 175w, https:\/\/axelliteleadership.com\/fr\/wp-content\/uploads\/sites\/4\/2021\/07\/tile-executive-coaching-512x484.jpg 512w, https:\/\/axelliteleadership.com\/fr\/wp-content\/uploads\/sites\/4\/2021\/07\/tile-executive-coaching.jpg 900w\" sizes=\"auto, (max-width: 450px) 100vw, 450px\" \/>              <\/div>\n              <div class=\"content\">\n                <h2 class=\"title\">\n                  COACHING EX\u00c9CUTIF                <\/h2>\n                <div class=\"excerpt\">\n                  UN SOUTIEN INDIVIDUALIS\u00c9 AFIN D&rsquo;\u00c9PAULER LES LEADERS DANS L&rsquo;ATTEINTE DE LEURS OBJECTIFS                <\/div>\n                <div class=\"cta\">\n                  <span class=\"btn btn--ghost\">En savoir plus<\/span>\n                <\/div>\n              <\/div>\n            <\/a>\n          <\/li>\n                  \n          <li>\n            <a href=\"https:\/\/axelliteleadership.com\/fr\/conferences\/\" class=\"tile\">\n              <div class=\"thumbnail\">\n                <img loading=\"lazy\" decoding=\"async\" width=\"450\" height=\"425\" src=\"https:\/\/axelliteleadership.com\/fr\/wp-content\/uploads\/sites\/4\/2023\/06\/Conference-Bottom-450x425.jpg\" class=\"attachment-tile size-tile\" alt=\"\" srcset=\"https:\/\/axelliteleadership.com\/fr\/wp-content\/uploads\/sites\/4\/2023\/06\/Conference-Bottom-450x425.jpg 450w, https:\/\/axelliteleadership.com\/fr\/wp-content\/uploads\/sites\/4\/2023\/06\/Conference-Bottom-300x283.jpg 300w, https:\/\/axelliteleadership.com\/fr\/wp-content\/uploads\/sites\/4\/2023\/06\/Conference-Bottom-768x725.jpg 768w, https:\/\/axelliteleadership.com\/fr\/wp-content\/uploads\/sites\/4\/2023\/06\/Conference-Bottom-100x94.jpg 100w, https:\/\/axelliteleadership.com\/fr\/wp-content\/uploads\/sites\/4\/2023\/06\/Conference-Bottom-106x100.jpg 106w, https:\/\/axelliteleadership.com\/fr\/wp-content\/uploads\/sites\/4\/2023\/06\/Conference-Bottom-600x567.jpg 600w, https:\/\/axelliteleadership.com\/fr\/wp-content\/uploads\/sites\/4\/2023\/06\/Conference-Bottom-175x165.jpg 175w, https:\/\/axelliteleadership.com\/fr\/wp-content\/uploads\/sites\/4\/2023\/06\/Conference-Bottom.jpg 900w\" sizes=\"auto, (max-width: 450px) 100vw, 450px\" \/>              <\/div>\n              <div class=\"content\">\n                <h2 class=\"title\">\n                  NOTRE CONF\u00c9RENCE                <\/h2>\n                <div class=\"excerpt\">\n                  4 SECRETS POUR PASSER DE LA SURVIE \u00c0 LA R\u00c9ALISATION DE SOI AU TRAVAIL ET DANS LA VIE                <\/div>\n                <div class=\"cta\">\n                  <span class=\"btn btn--ghost\">En savoir plus<\/span>\n                <\/div>\n              <\/div>\n            <\/a>\n          <\/li>\n              <\/ul>\n\n    <\/div>\n  <\/div>\n\n","protected":false},"excerpt":{"rendered":"<p>Nous aidons les dirigeants et les professionnels occup\u00e9s \u00e0 r\u00e9aliser une transformation personnelle de l&rsquo;int\u00e9rieur afin qu&rsquo;ils puissent s&rsquo;\u00e9panouir dans la complexit\u00e9, diriger des \u00e9quipes agiles et se r\u00e9aliser dans leur vie et leur carri\u00e8re. Nous donnons aux leaders les outils n\u00e9cessaires pour \u00eatre les meilleures versions d&rsquo;eux-m\u00eames. Nous outillons les leaders \u00e0 \u00eatre \u00e0 [&hellip;]<\/p>\n","protected":false},"author":2,"featured_media":370,"parent":0,"menu_order":0,"comment_status":"closed","ping_status":"closed","template":"","meta":{"_acf_changed":false,"inline_featured_image":false,"footnotes":""},"class_list":["post-7","page","type-page","status-publish","has-post-thumbnail","hentry"],"acf":[],"yoast_head":"<!-- This site is optimized with the Yoast SEO plugin v27.4 - https:\/\/yoast.com\/product\/yoast-seo-wordpress\/ -->\n<title>\u00c0 Propos - Axellite Leadership<\/title>\n<meta name=\"description\" content=\"Notre mission est d&#039;aider les leaders \u00e0 se r\u00e9aliser pleinement au travail et dans la vie, sans compromettre leurs r\u00e9sultats d&#039;affaires.\" \/>\n<meta name=\"robots\" content=\"index, follow, max-snippet:-1, max-image-preview:large, max-video-preview:-1\" \/>\n<link rel=\"canonical\" href=\"https:\/\/axelliteleadership.com\/fr\/a-propos\/\" \/>\n<meta property=\"og:locale\" content=\"fr_CA\" \/>\n<meta property=\"og:type\" content=\"article\" \/>\n<meta property=\"og:title\" content=\"\u00c0 Propos - Axellite Leadership\" \/>\n<meta property=\"og:description\" content=\"Notre mission est d&#039;aider les leaders \u00e0 se r\u00e9aliser pleinement au travail et dans la vie, sans compromettre leurs r\u00e9sultats d&#039;affaires.\" \/>\n<meta property=\"og:url\" content=\"https:\/\/axelliteleadership.com\/fr\/a-propos\/\" \/>\n<meta property=\"og:site_name\" content=\"Axellite Leadership\" \/>\n<meta property=\"article:publisher\" content=\"https:\/\/www.facebook.com\/upkatarina\/\" \/>\n<meta property=\"article:modified_time\" content=\"2023-06-07T15:13:16+00:00\" \/>\n<meta property=\"og:image\" content=\"https:\/\/axelliteleadership.com\/fr\/wp-content\/uploads\/sites\/4\/2021\/06\/about.jpg\" \/>\n\t<meta property=\"og:image:width\" content=\"1718\" \/>\n\t<meta property=\"og:image:height\" content=\"1050\" \/>\n\t<meta property=\"og:image:type\" content=\"image\/jpeg\" \/>\n<meta name=\"twitter:card\" content=\"summary_large_image\" \/>\n<meta name=\"twitter:label1\" content=\"Estimation du temps de lecture\" \/>\n\t<meta name=\"twitter:data1\" content=\"2 minutes\" \/>\n<script type=\"application\/ld+json\" class=\"yoast-schema-graph\">{\"@context\":\"https:\\\/\\\/schema.org\",\"@graph\":[{\"@type\":\"WebPage\",\"@id\":\"https:\\\/\\\/axelliteleadership.com\\\/fr\\\/a-propos\\\/\",\"url\":\"https:\\\/\\\/axelliteleadership.com\\\/fr\\\/a-propos\\\/\",\"name\":\"\u00c0 Propos - Axellite Leadership\",\"isPartOf\":{\"@id\":\"https:\\\/\\\/axelliteleadership.com\\\/fr\\\/#website\"},\"primaryImageOfPage\":{\"@id\":\"https:\\\/\\\/axelliteleadership.com\\\/fr\\\/a-propos\\\/#primaryimage\"},\"image\":{\"@id\":\"https:\\\/\\\/axelliteleadership.com\\\/fr\\\/a-propos\\\/#primaryimage\"},\"thumbnailUrl\":\"https:\\\/\\\/axelliteleadership.com\\\/fr\\\/wp-content\\\/uploads\\\/sites\\\/4\\\/2021\\\/06\\\/about.jpg\",\"datePublished\":\"2021-05-19T14:58:51+00:00\",\"dateModified\":\"2023-06-07T15:13:16+00:00\",\"description\":\"Notre mission est d'aider les leaders \u00e0 se r\u00e9aliser pleinement au travail et dans la vie, sans compromettre leurs r\u00e9sultats d'affaires.\",\"breadcrumb\":{\"@id\":\"https:\\\/\\\/axelliteleadership.com\\\/fr\\\/a-propos\\\/#breadcrumb\"},\"inLanguage\":\"fr-CA\",\"potentialAction\":[{\"@type\":\"ReadAction\",\"target\":[\"https:\\\/\\\/axelliteleadership.com\\\/fr\\\/a-propos\\\/\"]}]},{\"@type\":\"ImageObject\",\"inLanguage\":\"fr-CA\",\"@id\":\"https:\\\/\\\/axelliteleadership.com\\\/fr\\\/a-propos\\\/#primaryimage\",\"url\":\"https:\\\/\\\/axelliteleadership.com\\\/fr\\\/wp-content\\\/uploads\\\/sites\\\/4\\\/2021\\\/06\\\/about.jpg\",\"contentUrl\":\"https:\\\/\\\/axelliteleadership.com\\\/fr\\\/wp-content\\\/uploads\\\/sites\\\/4\\\/2021\\\/06\\\/about.jpg\",\"width\":1718,\"height\":1050},{\"@type\":\"BreadcrumbList\",\"@id\":\"https:\\\/\\\/axelliteleadership.com\\\/fr\\\/a-propos\\\/#breadcrumb\",\"itemListElement\":[{\"@type\":\"ListItem\",\"position\":1,\"name\":\"Home\",\"item\":\"https:\\\/\\\/axelliteleadership.com\\\/fr\\\/\"},{\"@type\":\"ListItem\",\"position\":2,\"name\":\"\u00c0 Propos\"}]},{\"@type\":\"WebSite\",\"@id\":\"https:\\\/\\\/axelliteleadership.com\\\/fr\\\/#website\",\"url\":\"https:\\\/\\\/axelliteleadership.com\\\/fr\\\/\",\"name\":\"Axellite Leadership\",\"description\":\"\",\"publisher\":{\"@id\":\"https:\\\/\\\/axelliteleadership.com\\\/fr\\\/#organization\"},\"potentialAction\":[{\"@type\":\"SearchAction\",\"target\":{\"@type\":\"EntryPoint\",\"urlTemplate\":\"https:\\\/\\\/axelliteleadership.com\\\/fr\\\/?s={search_term_string}\"},\"query-input\":{\"@type\":\"PropertyValueSpecification\",\"valueRequired\":true,\"valueName\":\"search_term_string\"}}],\"inLanguage\":\"fr-CA\"},{\"@type\":\"Organization\",\"@id\":\"https:\\\/\\\/axelliteleadership.com\\\/fr\\\/#organization\",\"name\":\"Axellite Leadership\",\"url\":\"https:\\\/\\\/axelliteleadership.com\\\/fr\\\/\",\"logo\":{\"@type\":\"ImageObject\",\"inLanguage\":\"fr-CA\",\"@id\":\"https:\\\/\\\/axelliteleadership.com\\\/fr\\\/#\\\/schema\\\/logo\\\/image\\\/\",\"url\":\"https:\\\/\\\/axelliteleadership.com\\\/fr\\\/wp-content\\\/uploads\\\/sites\\\/4\\\/2021\\\/05\\\/logo.png\",\"contentUrl\":\"https:\\\/\\\/axelliteleadership.com\\\/fr\\\/wp-content\\\/uploads\\\/sites\\\/4\\\/2021\\\/05\\\/logo.png\",\"width\":1000,\"height\":450,\"caption\":\"Axellite Leadership\"},\"image\":{\"@id\":\"https:\\\/\\\/axelliteleadership.com\\\/fr\\\/#\\\/schema\\\/logo\\\/image\\\/\"},\"sameAs\":[\"https:\\\/\\\/www.facebook.com\\\/upkatarina\\\/\",\"https:\\\/\\\/www.linkedin.com\\\/company\\\/axellite-leadership-&amp;-performance\\\/\"]}]}<\/script>\n<!-- \/ Yoast SEO plugin. -->","yoast_head_json":{"title":"\u00c0 Propos - Axellite Leadership","description":"Notre mission est d'aider les leaders \u00e0 se r\u00e9aliser pleinement au travail et dans la vie, sans compromettre leurs r\u00e9sultats d'affaires.","robots":{"index":"index","follow":"follow","max-snippet":"max-snippet:-1","max-image-preview":"max-image-preview:large","max-video-preview":"max-video-preview:-1"},"canonical":"https:\/\/axelliteleadership.com\/fr\/a-propos\/","og_locale":"fr_CA","og_type":"article","og_title":"\u00c0 Propos - Axellite Leadership","og_description":"Notre mission est d'aider les leaders \u00e0 se r\u00e9aliser pleinement au travail et dans la vie, sans compromettre leurs r\u00e9sultats d'affaires.","og_url":"https:\/\/axelliteleadership.com\/fr\/a-propos\/","og_site_name":"Axellite Leadership","article_publisher":"https:\/\/www.facebook.com\/upkatarina\/","article_modified_time":"2023-06-07T15:13:16+00:00","og_image":[{"width":1718,"height":1050,"url":"https:\/\/axelliteleadership.com\/fr\/wp-content\/uploads\/sites\/4\/2021\/06\/about.jpg","type":"image\/jpeg"}],"twitter_card":"summary_large_image","twitter_misc":{"Estimation du temps de lecture":"2 minutes"},"schema":{"@context":"https:\/\/schema.org","@graph":[{"@type":"WebPage","@id":"https:\/\/axelliteleadership.com\/fr\/a-propos\/","url":"https:\/\/axelliteleadership.com\/fr\/a-propos\/","name":"\u00c0 Propos - Axellite Leadership","isPartOf":{"@id":"https:\/\/axelliteleadership.com\/fr\/#website"},"primaryImageOfPage":{"@id":"https:\/\/axelliteleadership.com\/fr\/a-propos\/#primaryimage"},"image":{"@id":"https:\/\/axelliteleadership.com\/fr\/a-propos\/#primaryimage"},"thumbnailUrl":"https:\/\/axelliteleadership.com\/fr\/wp-content\/uploads\/sites\/4\/2021\/06\/about.jpg","datePublished":"2021-05-19T14:58:51+00:00","dateModified":"2023-06-07T15:13:16+00:00","description":"Notre mission est d'aider les leaders \u00e0 se r\u00e9aliser pleinement au travail et dans la vie, sans compromettre leurs r\u00e9sultats d'affaires.","breadcrumb":{"@id":"https:\/\/axelliteleadership.com\/fr\/a-propos\/#breadcrumb"},"inLanguage":"fr-CA","potentialAction":[{"@type":"ReadAction","target":["https:\/\/axelliteleadership.com\/fr\/a-propos\/"]}]},{"@type":"ImageObject","inLanguage":"fr-CA","@id":"https:\/\/axelliteleadership.com\/fr\/a-propos\/#primaryimage","url":"https:\/\/axelliteleadership.com\/fr\/wp-content\/uploads\/sites\/4\/2021\/06\/about.jpg","contentUrl":"https:\/\/axelliteleadership.com\/fr\/wp-content\/uploads\/sites\/4\/2021\/06\/about.jpg","width":1718,"height":1050},{"@type":"BreadcrumbList","@id":"https:\/\/axelliteleadership.com\/fr\/a-propos\/#breadcrumb","itemListElement":[{"@type":"ListItem","position":1,"name":"Home","item":"https:\/\/axelliteleadership.com\/fr\/"},{"@type":"ListItem","position":2,"name":"\u00c0 Propos"}]},{"@type":"WebSite","@id":"https:\/\/axelliteleadership.com\/fr\/#website","url":"https:\/\/axelliteleadership.com\/fr\/","name":"Axellite Leadership","description":"","publisher":{"@id":"https:\/\/axelliteleadership.com\/fr\/#organization"},"potentialAction":[{"@type":"SearchAction","target":{"@type":"EntryPoint","urlTemplate":"https:\/\/axelliteleadership.com\/fr\/?s={search_term_string}"},"query-input":{"@type":"PropertyValueSpecification","valueRequired":true,"valueName":"search_term_string"}}],"inLanguage":"fr-CA"},{"@type":"Organization","@id":"https:\/\/axelliteleadership.com\/fr\/#organization","name":"Axellite Leadership","url":"https:\/\/axelliteleadership.com\/fr\/","logo":{"@type":"ImageObject","inLanguage":"fr-CA","@id":"https:\/\/axelliteleadership.com\/fr\/#\/schema\/logo\/image\/","url":"https:\/\/axelliteleadership.com\/fr\/wp-content\/uploads\/sites\/4\/2021\/05\/logo.png","contentUrl":"https:\/\/axelliteleadership.com\/fr\/wp-content\/uploads\/sites\/4\/2021\/05\/logo.png","width":1000,"height":450,"caption":"Axellite Leadership"},"image":{"@id":"https:\/\/axelliteleadership.com\/fr\/#\/schema\/logo\/image\/"},"sameAs":["https:\/\/www.facebook.com\/upkatarina\/","https:\/\/www.linkedin.com\/company\/axellite-leadership-&amp;-performance\/"]}]}},"_links":{"self":[{"href":"https:\/\/axelliteleadership.com\/fr\/wp-json\/wp\/v2\/pages\/7","targetHints":{"allow":["GET"]}}],"collection":[{"href":"https:\/\/axelliteleadership.com\/fr\/wp-json\/wp\/v2\/pages"}],"about":[{"href":"https:\/\/axelliteleadership.com\/fr\/wp-json\/wp\/v2\/types\/page"}],"author":[{"embeddable":true,"href":"https:\/\/axelliteleadership.com\/fr\/wp-json\/wp\/v2\/users\/2"}],"replies":[{"embeddable":true,"href":"https:\/\/axelliteleadership.com\/fr\/wp-json\/wp\/v2\/comments?post=7"}],"version-history":[{"count":0,"href":"https:\/\/axelliteleadership.com\/fr\/wp-json\/wp\/v2\/pages\/7\/revisions"}],"wp:featuredmedia":[{"embeddable":true,"href":"https:\/\/axelliteleadership.com\/fr\/wp-json\/wp\/v2\/media\/370"}],"wp:attachment":[{"href":"https:\/\/axelliteleadership.com\/fr\/wp-json\/wp\/v2\/media?parent=7"}],"curies":[{"name":"wp","href":"https:\/\/api.w.org\/{rel}","templated":true}]}}